{"id":617,"date":"2025-03-28T13:00:55","date_gmt":"2025-03-28T12:00:55","guid":{"rendered":"http:\/\/localhost\/wordpress\/?page_id=51"},"modified":"2025-04-25T12:40:03","modified_gmt":"2025-04-25T10:40:03","slug":"51-2","status":"publish","type":"page","link":"https:\/\/www2.ual.es\/proyecto_aecid_UAL-ENCA\/","title":{"rendered":"Home"},"content":{"rendered":"<p>[et_pb_section fb_built=\u00bb1&#8243; admin_label=\u00bbHeader\u00bb _builder_version=\u00bb4.27.4&#8243; _module_preset=\u00bbdefault\u00bb background_color=\u00bbgcid-86e0e939-2c75-4117-936f-1ddaf39f4182&#8243; overflow-x=\u00bbhidden\u00bb overflow-y=\u00bbhidden\u00bb custom_margin=\u00bb||||false|false\u00bb custom_padding=\u00bb||0px||false|false\u00bb collapsed=\u00bbon\u00bb global_colors_info=\u00bb{%22gcid-86e0e939-2c75-4117-936f-1ddaf39f4182%22:%91%22background_color%22%93}\u00bb][et_pb_row column_structure=\u00bb3_5,2_5&#8243; use_custom_gutter=\u00bbon\u00bb gutter_width=\u00bb1&#8243; _builder_version=\u00bb4.27.4&#8243; _module_preset=\u00bbdefault\u00bb width_tablet=\u00bb\u00bb width_phone=\u00bb\u00bb width_last_edited=\u00bbon|desktop\u00bb max_width_tablet=\u00bb\u00bb max_width_phone=\u00bb\u00bb max_width_last_edited=\u00bbon|phone\u00bb module_alignment=\u00bbcenter\u00bb custom_margin=\u00bb||||false|false\u00bb custom_padding=\u00bb36px||||false|false\u00bb global_colors_info=\u00bb{}\u00bb][et_pb_column type=\u00bb3_5&#8243; _builder_version=\u00bb4.22.0&#8243; _module_preset=\u00bbdefault\u00bb custom_padding=\u00bb60px||||false|false\u00bb custom_padding_tablet=\u00bb0px||||false|false\u00bb custom_padding_phone=\u00bb0px||||false|false\u00bb custom_padding_last_edited=\u00bbon|tablet\u00bb global_colors_info=\u00bb{}\u00bb][et_pb_text content_tablet=\u00bb<\/p>\n<h1>Conoce m\u00e1s sobre la producci\u00f3n, desarrollo y  distribuci\u00f3n agr\u00edcola en nuestros proyectos<\/h1>\n<p>\u00bb content_phone=\u00bb<\/p>\n<h1>Conoce m\u00e1s sobre la producci\u00f3n, desarrollo y  distribuci\u00f3n agr\u00edcola en nuestros proyectos<\/h1>\n<p>\u00bb content_last_edited=\u00bbon|phone\u00bb _builder_version=\u00bb4.27.4&#8243; _module_preset=\u00bb5ed659cc-7a7a-4bf6-9d58-3e88cb3035ac\u00bb header_font=\u00bbPlayfair Display|700|||||||\u00bb header_font_size=\u00bb48px\u00bb header_line_height=\u00bb1.2em\u00bb width=\u00bb100%\u00bb width_tablet=\u00bb100%\u00bb width_phone=\u00bb100%\u00bb width_last_edited=\u00bbon|phone\u00bb custom_margin=\u00bb-10%||||false|false\u00bb custom_margin_tablet=\u00bb-10%||||false|false\u00bb custom_margin_phone=\u00bb-10%||||false|false\u00bb custom_margin_last_edited=\u00bbon|tablet\u00bb custom_padding=\u00bb||||false|false\u00bb global_colors_info=\u00bb{}\u00bb]<\/p>\n<h1>Conoce m\u00e1s sobre la producci\u00f3n, desarrollo y\u00a0 distribuci\u00f3n agr\u00edcola en nuestros proyectos<\/h1>\n<p>[\/et_pb_text][et_pb_text content_tablet=\u00bb<\/p>\n<p><span data-teams=%22true%22><strong>Proyecto de Cooperaci\u00f3n Internacional al Desarrollo impulsado<\/strong> por la <strong>UAL<\/strong> y financiado por la <strong>AECID<\/strong>, que promueve una agricultura sostenible e innovadora alineada con los <strong>ODS<\/strong>. A trav\u00e9s de la investigaci\u00f3n aplicada y modelos de cultivo avanzados, promovemos el desarrollo inclusivo y una alimentaci\u00f3n m\u00e1s segura y accesible. Se complementa con dos iniciativas hermanadas en <strong>Costa Rica<\/strong> y <strong>Nicaragua<\/strong>, financiadas por la <strong>AACID<\/strong> y fomentando una cooperaci\u00f3n territorial transformadora.<\/span><\/p>\n<p>\u00bb content_phone=\u00bb<\/p>\n<p><span data-teams=%22true%22><strong>Proyecto de Cooperaci\u00f3n Internacional al Desarrollo impulsado<\/strong> por la <strong>UAL<\/strong> y financiado por la <strong>AECID<\/strong>, que promueve una agricultura sostenible e innovadora alineada con los <strong>ODS<\/strong>. A trav\u00e9s de la investigaci\u00f3n aplicada y modelos de cultivo avanzados, promovemos el desarrollo inclusivo y una alimentaci\u00f3n m\u00e1s segura y accesible. Se complementa con dos iniciativas hermanadas en <strong>Costa Rica<\/strong> y <strong>Nicaragua<\/strong>, financiadas por la <strong>AACID<\/strong> y fomentando una cooperaci\u00f3n territorial transformadora.<\/span><\/p>\n<p>\u00bb content_last_edited=\u00bbon|phone\u00bb _builder_version=\u00bb4.27.4&#8243; _module_preset=\u00bbb7c5eb6a-ff34-4670-9f93-88c296607c3a\u00bb text_font=\u00bbLato||||||||\u00bb text_font_size=\u00bb18px\u00bb text_line_height=\u00bb1.8em\u00bb width=\u00bb100%\u00bb width_tablet=\u00bb100%\u00bb width_phone=\u00bb\u00bb width_last_edited=\u00bbon|phone\u00bb custom_margin=\u00bb||30px||false|false\u00bb global_colors_info=\u00bb{}\u00bb]<\/p>\n<p><span data-teams=\"true\"><strong>Proyecto de Cooperaci\u00f3n Internacional al Desarrollo impulsado<\/strong> por la <strong>UAL<\/strong> y financiado por la <strong>AECID<\/strong>, que promueve una agricultura sostenible e innovadora alineada con los <strong>ODS<\/strong>. A trav\u00e9s de la investigaci\u00f3n aplicada y modelos de cultivo avanzados, promovemos el desarrollo inclusivo y una alimentaci\u00f3n m\u00e1s segura y accesible. Se complementa con dos iniciativas hermanadas en <strong>Costa Rica<\/strong> y <strong>Nicaragua<\/strong>, financiadas por la <strong>AACID<\/strong> y fomentando una cooperaci\u00f3n territorial transformadora.<\/span><\/p>\n<p>[\/et_pb_text][\/et_pb_column][et_pb_column type=\u00bb2_5&#8243; _builder_version=\u00bb4.22.0&#8243; _module_preset=\u00bbdefault\u00bb global_colors_info=\u00bb{}\u00bb][et_pb_image src=\u00bbhttps:\/\/www2.ual.es\/proyecto_aecid_UAL-ENCA\/wp-content\/uploads\/2025\/04\/1-1.jpg\u00bb align_tablet=\u00bbleft\u00bb align_phone=\u00bbleft\u00bb align_last_edited=\u00bbon|tablet\u00bb _builder_version=\u00bb4.27.4&#8243; _module_preset=\u00bbdefault\u00bb transform_translate=\u00bb50%|-20%\u00bb transform_translate_linked=\u00bboff\u00bb positioning=\u00bbabsolute\u00bb position_origin_a=\u00bbtop_right\u00bb vertical_offset=\u00bb-4px\u00bb horizontal_offset=\u00bb9px\u00bb z_index=\u00bb244&#8243; vertical_offset_tablet=\u00bb-4px\u00bb vertical_offset_phone=\u00bb9px\u00bb vertical_offset_last_edited=\u00bbon|phone\u00bb horizontal_offset_tablet=\u00bb9px\u00bb horizontal_offset_phone=\u00bb28px\u00bb horizontal_offset_last_edited=\u00bbon|phone\u00bb width=\u00bb50%\u00bb max_width=\u00bb28%\u00bb custom_margin=\u00bb|20px|||false|false\u00bb custom_margin_tablet=\u00bb|20%|||false|false\u00bb custom_margin_phone=\u00bb||||false|false\u00bb custom_margin_last_edited=\u00bbon|phone\u00bb custom_padding=\u00bb||||false|false\u00bb global_colors_info=\u00bb{}\u00bb][\/et_pb_image][et_pb_image src=\u00bbhttps:\/\/www2.ual.es\/proyecto_aecid_UAL-ENCA\/wp-content\/uploads\/2025\/04\/PHOTO-2023-11-02-20-38-351.jpg\u00bb show_bottom_space=\u00bboff\u00bb _builder_version=\u00bb4.27.4&#8243; _module_preset=\u00bbdefault\u00bb z_index=\u00bb-2&#8243; max_width=\u00bb63%\u00bb module_alignment=\u00bbcenter\u00bb custom_margin=\u00bb||-35%||false|false\u00bb global_colors_info=\u00bb{}\u00bb][\/et_pb_image][et_pb_image src=\u00bbhttps:\/\/www2.ual.es\/proyecto_aecid_UAL-ENCA\/wp-content\/uploads\/2025\/04\/PHOTO-2023-11-02-20-38-35.jpg\u00bb align=\u00bbright\u00bb _builder_version=\u00bb4.27.4&#8243; _module_preset=\u00bbdefault\u00bb transform_translate_linked=\u00bboff\u00bb transform_rotate=\u00bb0deg|0deg|8deg\u00bb width=\u00bb75%\u00bb max_width=\u00bb46%\u00bb module_alignment=\u00bbcenter\u00bb custom_margin=\u00bb|20px|||false|false\u00bb box_shadow_style=\u00bbpreset4&#8243; box_shadow_horizontal=\u00bb-24px\u00bb box_shadow_vertical=\u00bb24px\u00bb box_shadow_color=\u00bbrgba(0,0,0,0.04)\u00bb global_colors_info=\u00bb{}\u00bb][\/et_pb_image][et_pb_image src=\u00bbhttps:\/\/www2.ual.es\/proyecto_aecid_UAL-ENCA\/wp-content\/uploads\/2025\/04\/5-2.jpg\u00bb align=\u00bbright\u00bb _builder_version=\u00bb4.27.4&#8243; _module_preset=\u00bbdefault\u00bb transform_translate=\u00bb50%|-50%\u00bb transform_translate_linked=\u00bboff\u00bb positioning=\u00bbabsolute\u00bb position_origin_a=\u00bbbottom_right\u00bb z_index=\u00bb-2&#8243; vertical_offset_tablet=\u00bb-2px\u00bb vertical_offset_phone=\u00bb58px\u00bb vertical_offset_last_edited=\u00bbon|tablet\u00bb horizontal_offset_tablet=\u00bb30px\u00bb horizontal_offset_phone=\u00bb35px\u00bb horizontal_offset_last_edited=\u00bbon|tablet\u00bb width=\u00bb70%\u00bb max_width=\u00bb49%\u00bb custom_margin=\u00bb|20px|||false|false\u00bb custom_margin_tablet=\u00bb|20%|||false|false\u00bb custom_margin_phone=\u00bb|15%|||false|false\u00bb custom_margin_last_edited=\u00bbon|phone\u00bb global_colors_info=\u00bb{}\u00bb][\/et_pb_image][\/et_pb_column][\/et_pb_row][\/et_pb_section][et_pb_section fb_built=\u00bb1&#8243; _builder_version=\u00bb4.27.4&#8243; _module_preset=\u00bbdefault\u00bb global_colors_info=\u00bb{}\u00bb][et_pb_row _builder_version=\u00bb4.27.4&#8243; _module_preset=\u00bbdefault\u00bb global_colors_info=\u00bb{}\u00bb][et_pb_column type=\u00bb4_4&#8243; _builder_version=\u00bb4.27.4&#8243; _module_preset=\u00bbdefault\u00bb global_colors_info=\u00bb{}\u00bb][et_pb_blog include_categories=\u00bb6,7,5&#8243; show_author=\u00bboff\u00bb _builder_version=\u00bb4.27.4&#8243; _module_preset=\u00bbdefault\u00bb header_font=\u00bb|600|||||||\u00bb body_text_align=\u00bbjustify\u00bb module_alignment=\u00bbcenter\u00bb custom_css_free_form=\u00bb\/* Contenedor principal con las dos columnas *\/||.et_pb_post .post-columns-wrapper {||    display: flex;||    flex-wrap: wrap;||    gap: 20px; \/* Espacio entre las columnas *\/||    align-items: flex-start;||}||||\/* Columna para la imagen *\/||.et_pb_post .post-image-column {||    flex: 0 0 40%; \/* La imagen ocupa el 40% del ancho en pantallas grandes *\/||  margin:auto;||}||||\/* Columna para el contenido (t\u00edtulo, meta y texto) *\/||.et_pb_post .post-content-column {||    flex: 1; \/* El contenido ocupa el 60% restante en pantallas grandes *\/||}||||\/* T\u00edtulo y meta en la misma columna *\/||.et_pb_post .post-title-meta {||    margin-bottom: 10px; \/* Espacio entre el t\u00edtulo y el meta *\/||}||||\/* Asegurarse de que la imagen no se distorsione *\/||.et_pb_post img {||    max-width: 100%;||    height: auto;||}||||\/* Medias query para pantallas menores a 850px *\/||@media (max-width: 850px) {||  .post-meta,.entry-title{||  text-align:center;||}||  ||  ||    \/* Cambiar el layout de las columnas a una sola columna *\/||    .et_pb_post .post-columns-wrapper {||        flex-direction: column; \/* Cambiar a una columna *\/||    }||||    \/* En la pantalla peque\u00f1a, la imagen ocupar\u00e1 todo el ancho *\/||    .et_pb_post .post-image-column {||        flex: 0 0 100%; \/* La imagen ocupar\u00e1 el 100% en pantallas peque\u00f1as *\/||      ||    }||||    \/* El contenido tambi\u00e9n ocupar\u00e1 el 100% del ancho *\/||    .et_pb_post .post-content-column {||        flex: 0 0 100%; \/* El contenido ocupar\u00e1 el 100% en pantallas peque\u00f1as *\/||    }||}||||.et_pb_post{||  transition: transform 0.3s ease;||  padding:5%;||  border-top:solid 2px green;||}||.et_pb_post:first-child{||  transition: transform 0.3s ease;||  border-top:none;||  padding-top:0;||  padding-bottom:5%;||}||||@media(max-width:600px){||  ||  .et_pb_post{||  padding-bottom:10%;||  }||}||.et_pb_post:hover{||  \ttransform: scale(1.1);||}||.et_pb_post:hover .entry-title{||  \tcolor:green;||}||.et_pb_post:hover{||  \ttransform: scale(1.1);||}||.et_pb_post:hover .entry-title{||  \tcolor:green;||}||\u00bb global_colors_info=\u00bb{}\u00bb][\/et_pb_blog][\/et_pb_column][\/et_pb_row][\/et_pb_section]<\/p>\n","protected":false},"excerpt":{"rendered":"<p>Conoce m\u00e1s sobre la producci\u00f3n, desarrollo y\u00a0 distribuci\u00f3n agr\u00edcola en nuestros proyectosProyecto de Cooperaci\u00f3n Internacional al Desarrollo impulsado por la UAL y financiado por la AECID, que promueve una agricultura sostenible e innovadora alineada con los ODS. A trav\u00e9s de la investigaci\u00f3n aplicada y modelos de cultivo avanzados, promovemos el desarrollo inclusivo y una alimentaci\u00f3n [&hellip;]<\/p>\n","protected":false},"author":1,"featured_media":0,"parent":0,"menu_order":0,"comment_status":"closed","ping_status":"closed","template":"","meta":{"_et_pb_use_builder":"on","_et_pb_old_content":"","_et_gb_content_width":"","footnotes":""},"class_list":["post-617","page","type-page","status-publish","hentry"],"yoast_head":"<!-- This site is optimized with the Yoast SEO plugin v27.4 - https:\/\/yoast.com\/product\/yoast-seo-wordpress\/ -->\n<title>Home - UAL-ENCA<\/title>\n<meta name=\"robots\" content=\"index, follow, max-snippet:-1, max-image-preview:large, max-video-preview:-1\" \/>\n<link rel=\"canonical\" href=\"https:\/\/www2.ual.es\/proyecto_aecid_UAL-ENCA\/\" \/>\n<meta property=\"og:locale\" content=\"es_ES\" \/>\n<meta property=\"og:type\" content=\"article\" \/>\n<meta property=\"og:title\" content=\"Home - UAL-ENCA\" \/>\n<meta property=\"og:description\" content=\"Conoce m\u00e1s sobre la producci\u00f3n, desarrollo y\u00a0 distribuci\u00f3n agr\u00edcola en nuestros proyectosProyecto de Cooperaci\u00f3n Internacional al Desarrollo impulsado por la UAL y financiado por la AECID, que promueve una agricultura sostenible e innovadora alineada con los ODS. A trav\u00e9s de la investigaci\u00f3n aplicada y modelos de cultivo avanzados, promovemos el desarrollo inclusivo y una alimentaci\u00f3n [&hellip;]\" \/>\n<meta property=\"og:url\" content=\"https:\/\/www2.ual.es\/proyecto_aecid_UAL-ENCA\/\" \/>\n<meta property=\"og:site_name\" content=\"UAL-ENCA\" \/>\n<meta property=\"article:publisher\" content=\"https:\/\/www.facebook.com\/colaboracion.UAL\" \/>\n<meta property=\"article:modified_time\" content=\"2025-04-25T10:40:03+00:00\" \/>\n<meta name=\"twitter:card\" content=\"summary_large_image\" \/>\n<meta name=\"twitter:label1\" content=\"Tiempo de lectura\" \/>\n\t<meta name=\"twitter:data1\" content=\"6 minutos\" \/>\n<script type=\"application\/ld+json\" class=\"yoast-schema-graph\">{\"@context\":\"https:\\\/\\\/schema.org\",\"@graph\":[{\"@type\":\"WebPage\",\"@id\":\"https:\\\/\\\/www2.ual.es\\\/proyecto_aecid_UAL-ENCA\\\/\",\"url\":\"https:\\\/\\\/www2.ual.es\\\/proyecto_aecid_UAL-ENCA\\\/\",\"name\":\"Home - UAL-ENCA\",\"isPartOf\":{\"@id\":\"https:\\\/\\\/www2.ual.es\\\/proyecto_aecid_UAL-ENCA\\\/#website\"},\"datePublished\":\"2025-03-28T12:00:55+00:00\",\"dateModified\":\"2025-04-25T10:40:03+00:00\",\"breadcrumb\":{\"@id\":\"https:\\\/\\\/www2.ual.es\\\/proyecto_aecid_UAL-ENCA\\\/#breadcrumb\"},\"inLanguage\":\"es\",\"potentialAction\":[{\"@type\":\"ReadAction\",\"target\":[\"https:\\\/\\\/www2.ual.es\\\/proyecto_aecid_UAL-ENCA\\\/\"]}]},{\"@type\":\"BreadcrumbList\",\"@id\":\"https:\\\/\\\/www2.ual.es\\\/proyecto_aecid_UAL-ENCA\\\/#breadcrumb\",\"itemListElement\":[{\"@type\":\"ListItem\",\"position\":1,\"name\":\"Portada\",\"item\":\"https:\\\/\\\/www2.ual.es\\\/proyecto_aecid_UAL-ENCA\\\/\"},{\"@type\":\"ListItem\",\"position\":2,\"name\":\"Home\"}]},{\"@type\":\"WebSite\",\"@id\":\"https:\\\/\\\/www2.ual.es\\\/proyecto_aecid_UAL-ENCA\\\/#website\",\"url\":\"https:\\\/\\\/www2.ual.es\\\/proyecto_aecid_UAL-ENCA\\\/\",\"name\":\"Colaboraci\u00f3n UAL\",\"description\":\"Proyecto UAL-ENCA\",\"publisher\":{\"@id\":\"https:\\\/\\\/www2.ual.es\\\/proyecto_aecid_UAL-ENCA\\\/#organization\"},\"potentialAction\":[{\"@type\":\"SearchAction\",\"target\":{\"@type\":\"EntryPoint\",\"urlTemplate\":\"https:\\\/\\\/www2.ual.es\\\/proyecto_aecid_UAL-ENCA\\\/?s={search_term_string}\"},\"query-input\":{\"@type\":\"PropertyValueSpecification\",\"valueRequired\":true,\"valueName\":\"search_term_string\"}}],\"inLanguage\":\"es\"},{\"@type\":\"Organization\",\"@id\":\"https:\\\/\\\/www2.ual.es\\\/proyecto_aecid_UAL-ENCA\\\/#organization\",\"name\":\"Colaboraci\u00f3n UAL\",\"url\":\"https:\\\/\\\/www2.ual.es\\\/proyecto_aecid_UAL-ENCA\\\/\",\"logo\":{\"@type\":\"ImageObject\",\"inLanguage\":\"es\",\"@id\":\"https:\\\/\\\/www2.ual.es\\\/proyecto_aecid_UAL-ENCA\\\/#\\\/schema\\\/logo\\\/image\\\/\",\"url\":\"https:\\\/\\\/www2.ual.es\\\/proyecto_aecid_UAL-ENCA\\\/wp-content\\\/uploads\\\/2025\\\/04\\\/cropped-logoUniversidad.png\",\"contentUrl\":\"https:\\\/\\\/www2.ual.es\\\/proyecto_aecid_UAL-ENCA\\\/wp-content\\\/uploads\\\/2025\\\/04\\\/cropped-logoUniversidad.png\",\"width\":512,\"height\":512,\"caption\":\"Colaboraci\u00f3n UAL\"},\"image\":{\"@id\":\"https:\\\/\\\/www2.ual.es\\\/proyecto_aecid_UAL-ENCA\\\/#\\\/schema\\\/logo\\\/image\\\/\"},\"sameAs\":[\"https:\\\/\\\/www.facebook.com\\\/colaboracion.UAL\",\"https:\\\/\\\/www.instagram.com\\\/colaboracion.ual\",\"https:\\\/\\\/www.tiktok.com\\\/@colaboracion.ual\"]}]}<\/script>\n<!-- \/ Yoast SEO plugin. -->","yoast_head_json":{"title":"Home - UAL-ENCA","robots":{"index":"index","follow":"follow","max-snippet":"max-snippet:-1","max-image-preview":"max-image-preview:large","max-video-preview":"max-video-preview:-1"},"canonical":"https:\/\/www2.ual.es\/proyecto_aecid_UAL-ENCA\/","og_locale":"es_ES","og_type":"article","og_title":"Home - UAL-ENCA","og_description":"Conoce m\u00e1s sobre la producci\u00f3n, desarrollo y\u00a0 distribuci\u00f3n agr\u00edcola en nuestros proyectosProyecto de Cooperaci\u00f3n Internacional al Desarrollo impulsado por la UAL y financiado por la AECID, que promueve una agricultura sostenible e innovadora alineada con los ODS. A trav\u00e9s de la investigaci\u00f3n aplicada y modelos de cultivo avanzados, promovemos el desarrollo inclusivo y una alimentaci\u00f3n [&hellip;]","og_url":"https:\/\/www2.ual.es\/proyecto_aecid_UAL-ENCA\/","og_site_name":"UAL-ENCA","article_publisher":"https:\/\/www.facebook.com\/colaboracion.UAL","article_modified_time":"2025-04-25T10:40:03+00:00","twitter_card":"summary_large_image","twitter_misc":{"Tiempo de lectura":"6 minutos"},"schema":{"@context":"https:\/\/schema.org","@graph":[{"@type":"WebPage","@id":"https:\/\/www2.ual.es\/proyecto_aecid_UAL-ENCA\/","url":"https:\/\/www2.ual.es\/proyecto_aecid_UAL-ENCA\/","name":"Home - UAL-ENCA","isPartOf":{"@id":"https:\/\/www2.ual.es\/proyecto_aecid_UAL-ENCA\/#website"},"datePublished":"2025-03-28T12:00:55+00:00","dateModified":"2025-04-25T10:40:03+00:00","breadcrumb":{"@id":"https:\/\/www2.ual.es\/proyecto_aecid_UAL-ENCA\/#breadcrumb"},"inLanguage":"es","potentialAction":[{"@type":"ReadAction","target":["https:\/\/www2.ual.es\/proyecto_aecid_UAL-ENCA\/"]}]},{"@type":"BreadcrumbList","@id":"https:\/\/www2.ual.es\/proyecto_aecid_UAL-ENCA\/#breadcrumb","itemListElement":[{"@type":"ListItem","position":1,"name":"Portada","item":"https:\/\/www2.ual.es\/proyecto_aecid_UAL-ENCA\/"},{"@type":"ListItem","position":2,"name":"Home"}]},{"@type":"WebSite","@id":"https:\/\/www2.ual.es\/proyecto_aecid_UAL-ENCA\/#website","url":"https:\/\/www2.ual.es\/proyecto_aecid_UAL-ENCA\/","name":"Colaboraci\u00f3n UAL","description":"Proyecto UAL-ENCA","publisher":{"@id":"https:\/\/www2.ual.es\/proyecto_aecid_UAL-ENCA\/#organization"},"potentialAction":[{"@type":"SearchAction","target":{"@type":"EntryPoint","urlTemplate":"https:\/\/www2.ual.es\/proyecto_aecid_UAL-ENCA\/?s={search_term_string}"},"query-input":{"@type":"PropertyValueSpecification","valueRequired":true,"valueName":"search_term_string"}}],"inLanguage":"es"},{"@type":"Organization","@id":"https:\/\/www2.ual.es\/proyecto_aecid_UAL-ENCA\/#organization","name":"Colaboraci\u00f3n UAL","url":"https:\/\/www2.ual.es\/proyecto_aecid_UAL-ENCA\/","logo":{"@type":"ImageObject","inLanguage":"es","@id":"https:\/\/www2.ual.es\/proyecto_aecid_UAL-ENCA\/#\/schema\/logo\/image\/","url":"https:\/\/www2.ual.es\/proyecto_aecid_UAL-ENCA\/wp-content\/uploads\/2025\/04\/cropped-logoUniversidad.png","contentUrl":"https:\/\/www2.ual.es\/proyecto_aecid_UAL-ENCA\/wp-content\/uploads\/2025\/04\/cropped-logoUniversidad.png","width":512,"height":512,"caption":"Colaboraci\u00f3n UAL"},"image":{"@id":"https:\/\/www2.ual.es\/proyecto_aecid_UAL-ENCA\/#\/schema\/logo\/image\/"},"sameAs":["https:\/\/www.facebook.com\/colaboracion.UAL","https:\/\/www.instagram.com\/colaboracion.ual","https:\/\/www.tiktok.com\/@colaboracion.ual"]}]}},"_links":{"self":[{"href":"https:\/\/www2.ual.es\/proyecto_aecid_UAL-ENCA\/wp-json\/wp\/v2\/pages\/617","targetHints":{"allow":["GET"]}}],"collection":[{"href":"https:\/\/www2.ual.es\/proyecto_aecid_UAL-ENCA\/wp-json\/wp\/v2\/pages"}],"about":[{"href":"https:\/\/www2.ual.es\/proyecto_aecid_UAL-ENCA\/wp-json\/wp\/v2\/types\/page"}],"author":[{"embeddable":true,"href":"https:\/\/www2.ual.es\/proyecto_aecid_UAL-ENCA\/wp-json\/wp\/v2\/users\/1"}],"replies":[{"embeddable":true,"href":"https:\/\/www2.ual.es\/proyecto_aecid_UAL-ENCA\/wp-json\/wp\/v2\/comments?post=617"}],"version-history":[{"count":32,"href":"https:\/\/www2.ual.es\/proyecto_aecid_UAL-ENCA\/wp-json\/wp\/v2\/pages\/617\/revisions"}],"predecessor-version":[{"id":1644,"href":"https:\/\/www2.ual.es\/proyecto_aecid_UAL-ENCA\/wp-json\/wp\/v2\/pages\/617\/revisions\/1644"}],"wp:attachment":[{"href":"https:\/\/www2.ual.es\/proyecto_aecid_UAL-ENCA\/wp-json\/wp\/v2\/media?parent=617"}],"curies":[{"name":"wp","href":"https:\/\/api.w.org\/{rel}","templated":true}]}}