{"id":380,"date":"2025-04-02T12:57:36","date_gmt":"2025-04-02T10:57:36","guid":{"rendered":"http:\/\/localhost\/wordpress\/?page_id=380"},"modified":"2025-04-30T09:41:31","modified_gmt":"2025-04-30T07:41:31","slug":"politica-de-privacidad","status":"publish","type":"page","link":"https:\/\/www2.ual.es\/proyecto_aecid_UAL-ENCA\/politica-de-privacidad\/","title":{"rendered":"Politica de privacidad"},"content":{"rendered":"<p>[et_pb_section fb_built=\u00bb1&#8243; _builder_version=\u00bb4.27.4&#8243; _module_preset=\u00bbdefault\u00bb custom_margin=\u00bb0px||||false|false\u00bb custom_padding=\u00bb0px||||false|false\u00bb global_colors_info=\u00bb{}\u00bb][et_pb_row _builder_version=\u00bb4.27.4&#8243; _module_preset=\u00bbdefault\u00bb custom_margin=\u00bb40px||||false|false\u00bb custom_padding=\u00bb0px||||false|false\u00bb global_colors_info=\u00bb{}\u00bb][et_pb_column type=\u00bb4_4&#8243; _builder_version=\u00bb4.27.4&#8243; _module_preset=\u00bbdefault\u00bb global_colors_info=\u00bb{}\u00bb][et_pb_text _builder_version=\u00bb4.27.4&#8243; _module_preset=\u00bbdefault\u00bb hover_enabled=\u00bb0&#8243; global_colors_info=\u00bb{}\u00bb sticky_enabled=\u00bb0&#8243;]<\/p>\n<h1><strong>Pol\u00edtica de privacidad<\/strong><\/h1>\n<p><strong><\/strong><\/p>\n<p>La UNIVERSIDAD DE ALMER\u00cdA, est\u00e1 especialmente sensibilizada en la protecci\u00f3n de datos de car\u00e1cter personal de los Usuarios de los servicios del sitio Web <a href=\"https:\/\/www.ual.es\/\">https:\/\/www.ual.es<\/a>.<\/p>\n<p>La UNIVERSIDAD DE ALMER\u00cdA, se reserva la facultad de modificar esta Pol\u00edtica con el objeto de adaptarla a novedades legislativas, criterios jurisprudenciales, pr\u00e1cticas del sector, o intereses de la entidad. Cualquier modificaci\u00f3n en la misma ser\u00e1 anunciada con la debida antelaci\u00f3n, a fin de que tengas perfecto conocimiento de su contenido.<\/p>\n<h2>Responsable<\/h2>\n<p>El Responsable del Tratamiento de los datos de car\u00e1cter personal es:<\/p>\n<p>UNIVERSIDAD DE ALMER\u00cdA, con domicilio a estos efectos en Secretar\u00eda General. Edificio de Gobierno y Paraninfo, Planta 3, Dpcho. 3.170. Ctra. Sacramento s\/n, La Ca\u00f1ada de San Urbano. CP 04120 Almer\u00eda<\/p>\n<p>Identificaci\u00f3n del DPO: Comisi\u00f3n de Seguridad Inform\u00e1tica y Protecci\u00f3n de Datos<\/p>\n<h2>Finalidad del tratamiento<\/h2>\n<p>La finalidad de la recogida y tratamiento de los datos personales, a trav\u00e9s de los formularios y cuestionarios electr\u00f3nicos o, en su caso, impresos descargables puestos a disposici\u00f3n de los Usuarios, responde, seg\u00fan el caso concreto, para gestionar y atender a solicitudes de informaci\u00f3n, dudas o sugerencias, o bien a las publicaciones o a cualesquiera servicios de educaci\u00f3n superior, investigaci\u00f3n y la gesti\u00f3n de los servicios administrativos de la administraci\u00f3n p\u00fablica universitaria. Finalmente informarles, que los datos registrados podr\u00e1n ser utilizados con la finalidad de efectuar estad\u00edsticas, gesti\u00f3n de incidencias, adem\u00e1s de para las que expresamente se hayan recabado los datos.<\/p>\n<h2>Plazo de conservaci\u00f3n<\/h2>\n<p>Los datos personales proporcionados se conservar\u00e1n durante el plazo correspondiente para cumplir con las obligaciones legales, o se solicite su supresi\u00f3n por el interesado y este est\u00e9 legitimado para ello.<\/p>\n<h2>Legitimaci\u00f3n<\/h2>\n<p>La Universidad de Almer\u00eda, est\u00e1 legitimada al tratamiento de datos personales, en base al consentimiento otorgado por el interesado para uno o varios fines espec\u00edficos, tal y como recoge el art\u00edculo 6.1. a) del Reglamento General de Protecci\u00f3n de datos personales.<\/p>\n<h2>Destinatarios<\/h2>\n<p>Los usuarios garantizar\u00e1n la veracidad y autenticidad de las informaciones y datos que comuniquen en virtud de la utilizaci\u00f3n de este sitio Web. Ser\u00e1 obligaci\u00f3n de los usuarios el mantener actualizados las informaciones y datos de forma tal que correspondan a la realidad en cada momento. Cualquier manifestaci\u00f3n falsa o inexacta que se produzca como consecuencia de las informaciones y datos proporcionados, as\u00ed como los perjuicios que tal informaci\u00f3n pudiera causar ser\u00e1 responsabilidad de los usuarios. Los datos personales recabados a trav\u00e9s de los formularios y cuestionarios electr\u00f3nicos o, en su caso, impresos descargables no ser\u00e1n cedidos o comunicados a terceros, salvo en los supuestos necesarios para el desarrollo, control y cumplimiento de las finalidades\/es expresada\/s, en los supuestos previstos seg\u00fan Ley, as\u00ed como en los casos espec\u00edficos, de los que se informe expresamente al Usuario.<\/p>\n<h2>Derechos de los usuarios<\/h2>\n<p>El interesado de los datos personales, en todo caso podr\u00e1 ejercitar los derechos que le asisten, de acuerdo con el RGPD, y que son:<\/p>\n<ul>\n<li>Derecho a solicitar el acceso a los datos personales relativos al interesado,<\/li>\n<li>Derecho a solicitar su rectificaci\u00f3n o supresi\u00f3n,<\/li>\n<li>Derecho a solicitar la limitaci\u00f3n de su tratamiento,<\/li>\n<li>Derecho a oponerse al tratamiento,<\/li>\n<li>Derecho a la portabilidad de los datos.<\/li>\n<\/ul>\n<p>El interesado podr\u00e1 ejercitar tales derechos mediante solicitud acompa\u00f1ada de una fotocopia de su D.N.I, y en la que especificar\u00e1 cu\u00e1l de \u00e9stos solicita sea satisfecho.<\/p>\n<p>Estos derechos pueden ejercerse a trav\u00e9s de los siguientes medios:<\/p>\n<p><strong>Por correo electr\u00f3nico:<\/strong> <a class=\"spamspan\" href=\"mailto:consulta.comision.seguridad@ual.es\">consulta.comision.seguridad@ual.es<\/a><\/p>\n<p><strong>Por escrito<\/strong>, dirigido a Secretar\u00eda General, Edificio de Gobierno y Paraninfo, Planta 3,<\/p>\n<p>Ctra. Sacramento s\/n, La Ca\u00f1ada de San Urbano, 04120 Almer\u00eda (Espa\u00f1a.<\/p>\n<p><strong>En caso de considerar vulnerado su derecho a la protecci\u00f3n de datos personales, puede interponer una reclamaci\u00f3n ante el Consejo de Transparencia y Protecci\u00f3n de Datos de Andaluc\u00eda ((<a data-saferedirecturl=\"https:\/\/www.google.com\/url?q=https:\/\/www.ctpdandalucia.es\/&amp;source=gmail&amp;ust=1712994579914000&amp;usg=AOvVaw3zLxBMoT5s6beQSLfU7PCz\" href=\"https:\/\/www.ctpdandalucia.es\/\" target=\"_blank\" rel=\"noopener\">https:\/\/www.ctpdandalucia.es<\/a>).<\/strong><\/p>\n<h2>Medidas de seguridad<\/h2>\n<p>Finalmente se informa que la UNIVERSIDAD DE ALMER\u00cdA, adoptar\u00e1 en su sistema de informaci\u00f3n las medidas t\u00e9cnicas y organizativas legalmente requeridas, a fin de garantizar la seguridad y confidencialidad de los datos almacenados, evitando as\u00ed, su alteraci\u00f3n, p\u00e9rdida, tratamiento o acceso no autorizado; teniendo en cuenta el estado de la t\u00e9cnica, los costes de aplicaci\u00f3n, y la naturaleza, el alcance, el contexto y los fines del tratamiento, as\u00ed como riesgos de probabilidad y gravedad variables asociadas a cada uno de los tratamientos.<\/p>\n<p>Comisi\u00f3n de Seguridad Infom\u00e1tica de la UAL<br \/>Puede encontrar m\u00e1s informaci\u00f3n sobre el tratamiento de datos de car\u00e1cter personal en la Universidad de Almer\u00eda y sobre otras cuestiones como derechos de los usuarios y obligaciones del personal en la <a href=\"http:\/\/seguridad.ual.es\/\">Web de la Comisi\u00f3n de Seguridad Inform\u00e1tica y Protecci\u00f3n de Datos<\/a>.<\/p>\n<p>[\/et_pb_text][\/et_pb_column][\/et_pb_row][\/et_pb_section]<\/p>\n","protected":false},"excerpt":{"rendered":"<p>Pol\u00edtica de privacidad La UNIVERSIDAD DE ALMER\u00cdA, est\u00e1 especialmente sensibilizada en la protecci\u00f3n de datos de car\u00e1cter personal de los Usuarios de los servicios del sitio Web https:\/\/www.ual.es. La UNIVERSIDAD DE ALMER\u00cdA, se reserva la facultad de modificar esta Pol\u00edtica con el objeto de adaptarla a novedades legislativas, criterios jurisprudenciales, pr\u00e1cticas del sector, o intereses [&hellip;]<\/p>\n","protected":false},"author":1,"featured_media":0,"parent":0,"menu_order":0,"comment_status":"closed","ping_status":"closed","template":"","meta":{"_et_pb_use_builder":"on","_et_pb_old_content":"","_et_gb_content_width":"","footnotes":""},"class_list":["post-380","page","type-page","status-publish","hentry"],"yoast_head":"<!-- This site is optimized with the Yoast SEO plugin v27.4 - https:\/\/yoast.com\/product\/yoast-seo-wordpress\/ -->\n<title>Politica de privacidad - UAL-ENCA<\/title>\n<meta name=\"robots\" content=\"index, follow, max-snippet:-1, max-image-preview:large, max-video-preview:-1\" \/>\n<link rel=\"canonical\" href=\"https:\/\/www2.ual.es\/proyecto_aecid_UAL-ENCA\/politica-de-privacidad\/\" \/>\n<meta property=\"og:locale\" content=\"es_ES\" \/>\n<meta property=\"og:type\" content=\"article\" \/>\n<meta property=\"og:title\" content=\"Politica de privacidad - UAL-ENCA\" \/>\n<meta property=\"og:description\" content=\"Pol\u00edtica de privacidad La UNIVERSIDAD DE ALMER\u00cdA, est\u00e1 especialmente sensibilizada en la protecci\u00f3n de datos de car\u00e1cter personal de los Usuarios de los servicios del sitio Web https:\/\/www.ual.es. La UNIVERSIDAD DE ALMER\u00cdA, se reserva la facultad de modificar esta Pol\u00edtica con el objeto de adaptarla a novedades legislativas, criterios jurisprudenciales, pr\u00e1cticas del sector, o intereses [&hellip;]\" \/>\n<meta property=\"og:url\" content=\"https:\/\/www2.ual.es\/proyecto_aecid_UAL-ENCA\/politica-de-privacidad\/\" \/>\n<meta property=\"og:site_name\" content=\"UAL-ENCA\" \/>\n<meta property=\"article:publisher\" content=\"https:\/\/www.facebook.com\/colaboracion.UAL\" \/>\n<meta property=\"article:modified_time\" content=\"2025-04-30T07:41:31+00:00\" \/>\n<meta name=\"twitter:card\" content=\"summary_large_image\" \/>\n<meta name=\"twitter:label1\" content=\"Tiempo de lectura\" \/>\n\t<meta name=\"twitter:data1\" content=\"5 minutos\" \/>\n<script type=\"application\/ld+json\" class=\"yoast-schema-graph\">{\"@context\":\"https:\\\/\\\/schema.org\",\"@graph\":[{\"@type\":\"WebPage\",\"@id\":\"https:\\\/\\\/www2.ual.es\\\/proyecto_aecid_UAL-ENCA\\\/politica-de-privacidad\\\/\",\"url\":\"https:\\\/\\\/www2.ual.es\\\/proyecto_aecid_UAL-ENCA\\\/politica-de-privacidad\\\/\",\"name\":\"Politica de privacidad - UAL-ENCA\",\"isPartOf\":{\"@id\":\"https:\\\/\\\/www2.ual.es\\\/proyecto_aecid_UAL-ENCA\\\/#website\"},\"datePublished\":\"2025-04-02T10:57:36+00:00\",\"dateModified\":\"2025-04-30T07:41:31+00:00\",\"breadcrumb\":{\"@id\":\"https:\\\/\\\/www2.ual.es\\\/proyecto_aecid_UAL-ENCA\\\/politica-de-privacidad\\\/#breadcrumb\"},\"inLanguage\":\"es\",\"potentialAction\":[{\"@type\":\"ReadAction\",\"target\":[\"https:\\\/\\\/www2.ual.es\\\/proyecto_aecid_UAL-ENCA\\\/politica-de-privacidad\\\/\"]}]},{\"@type\":\"BreadcrumbList\",\"@id\":\"https:\\\/\\\/www2.ual.es\\\/proyecto_aecid_UAL-ENCA\\\/politica-de-privacidad\\\/#breadcrumb\",\"itemListElement\":[{\"@type\":\"ListItem\",\"position\":1,\"name\":\"Portada\",\"item\":\"https:\\\/\\\/www2.ual.es\\\/proyecto_aecid_UAL-ENCA\\\/\"},{\"@type\":\"ListItem\",\"position\":2,\"name\":\"Politica de privacidad\"}]},{\"@type\":\"WebSite\",\"@id\":\"https:\\\/\\\/www2.ual.es\\\/proyecto_aecid_UAL-ENCA\\\/#website\",\"url\":\"https:\\\/\\\/www2.ual.es\\\/proyecto_aecid_UAL-ENCA\\\/\",\"name\":\"Colaboraci\u00f3n UAL\",\"description\":\"Proyecto UAL-ENCA\",\"publisher\":{\"@id\":\"https:\\\/\\\/www2.ual.es\\\/proyecto_aecid_UAL-ENCA\\\/#organization\"},\"potentialAction\":[{\"@type\":\"SearchAction\",\"target\":{\"@type\":\"EntryPoint\",\"urlTemplate\":\"https:\\\/\\\/www2.ual.es\\\/proyecto_aecid_UAL-ENCA\\\/?s={search_term_string}\"},\"query-input\":{\"@type\":\"PropertyValueSpecification\",\"valueRequired\":true,\"valueName\":\"search_term_string\"}}],\"inLanguage\":\"es\"},{\"@type\":\"Organization\",\"@id\":\"https:\\\/\\\/www2.ual.es\\\/proyecto_aecid_UAL-ENCA\\\/#organization\",\"name\":\"Colaboraci\u00f3n UAL\",\"url\":\"https:\\\/\\\/www2.ual.es\\\/proyecto_aecid_UAL-ENCA\\\/\",\"logo\":{\"@type\":\"ImageObject\",\"inLanguage\":\"es\",\"@id\":\"https:\\\/\\\/www2.ual.es\\\/proyecto_aecid_UAL-ENCA\\\/#\\\/schema\\\/logo\\\/image\\\/\",\"url\":\"https:\\\/\\\/www2.ual.es\\\/proyecto_aecid_UAL-ENCA\\\/wp-content\\\/uploads\\\/2025\\\/04\\\/cropped-logoUniversidad.png\",\"contentUrl\":\"https:\\\/\\\/www2.ual.es\\\/proyecto_aecid_UAL-ENCA\\\/wp-content\\\/uploads\\\/2025\\\/04\\\/cropped-logoUniversidad.png\",\"width\":512,\"height\":512,\"caption\":\"Colaboraci\u00f3n UAL\"},\"image\":{\"@id\":\"https:\\\/\\\/www2.ual.es\\\/proyecto_aecid_UAL-ENCA\\\/#\\\/schema\\\/logo\\\/image\\\/\"},\"sameAs\":[\"https:\\\/\\\/www.facebook.com\\\/colaboracion.UAL\",\"https:\\\/\\\/www.instagram.com\\\/colaboracion.ual\",\"https:\\\/\\\/www.tiktok.com\\\/@colaboracion.ual\"]}]}<\/script>\n<!-- \/ Yoast SEO plugin. -->","yoast_head_json":{"title":"Politica de privacidad - UAL-ENCA","robots":{"index":"index","follow":"follow","max-snippet":"max-snippet:-1","max-image-preview":"max-image-preview:large","max-video-preview":"max-video-preview:-1"},"canonical":"https:\/\/www2.ual.es\/proyecto_aecid_UAL-ENCA\/politica-de-privacidad\/","og_locale":"es_ES","og_type":"article","og_title":"Politica de privacidad - UAL-ENCA","og_description":"Pol\u00edtica de privacidad La UNIVERSIDAD DE ALMER\u00cdA, est\u00e1 especialmente sensibilizada en la protecci\u00f3n de datos de car\u00e1cter personal de los Usuarios de los servicios del sitio Web https:\/\/www.ual.es. La UNIVERSIDAD DE ALMER\u00cdA, se reserva la facultad de modificar esta Pol\u00edtica con el objeto de adaptarla a novedades legislativas, criterios jurisprudenciales, pr\u00e1cticas del sector, o intereses [&hellip;]","og_url":"https:\/\/www2.ual.es\/proyecto_aecid_UAL-ENCA\/politica-de-privacidad\/","og_site_name":"UAL-ENCA","article_publisher":"https:\/\/www.facebook.com\/colaboracion.UAL","article_modified_time":"2025-04-30T07:41:31+00:00","twitter_card":"summary_large_image","twitter_misc":{"Tiempo de lectura":"5 minutos"},"schema":{"@context":"https:\/\/schema.org","@graph":[{"@type":"WebPage","@id":"https:\/\/www2.ual.es\/proyecto_aecid_UAL-ENCA\/politica-de-privacidad\/","url":"https:\/\/www2.ual.es\/proyecto_aecid_UAL-ENCA\/politica-de-privacidad\/","name":"Politica de privacidad - UAL-ENCA","isPartOf":{"@id":"https:\/\/www2.ual.es\/proyecto_aecid_UAL-ENCA\/#website"},"datePublished":"2025-04-02T10:57:36+00:00","dateModified":"2025-04-30T07:41:31+00:00","breadcrumb":{"@id":"https:\/\/www2.ual.es\/proyecto_aecid_UAL-ENCA\/politica-de-privacidad\/#breadcrumb"},"inLanguage":"es","potentialAction":[{"@type":"ReadAction","target":["https:\/\/www2.ual.es\/proyecto_aecid_UAL-ENCA\/politica-de-privacidad\/"]}]},{"@type":"BreadcrumbList","@id":"https:\/\/www2.ual.es\/proyecto_aecid_UAL-ENCA\/politica-de-privacidad\/#breadcrumb","itemListElement":[{"@type":"ListItem","position":1,"name":"Portada","item":"https:\/\/www2.ual.es\/proyecto_aecid_UAL-ENCA\/"},{"@type":"ListItem","position":2,"name":"Politica de privacidad"}]},{"@type":"WebSite","@id":"https:\/\/www2.ual.es\/proyecto_aecid_UAL-ENCA\/#website","url":"https:\/\/www2.ual.es\/proyecto_aecid_UAL-ENCA\/","name":"Colaboraci\u00f3n UAL","description":"Proyecto UAL-ENCA","publisher":{"@id":"https:\/\/www2.ual.es\/proyecto_aecid_UAL-ENCA\/#organization"},"potentialAction":[{"@type":"SearchAction","target":{"@type":"EntryPoint","urlTemplate":"https:\/\/www2.ual.es\/proyecto_aecid_UAL-ENCA\/?s={search_term_string}"},"query-input":{"@type":"PropertyValueSpecification","valueRequired":true,"valueName":"search_term_string"}}],"inLanguage":"es"},{"@type":"Organization","@id":"https:\/\/www2.ual.es\/proyecto_aecid_UAL-ENCA\/#organization","name":"Colaboraci\u00f3n UAL","url":"https:\/\/www2.ual.es\/proyecto_aecid_UAL-ENCA\/","logo":{"@type":"ImageObject","inLanguage":"es","@id":"https:\/\/www2.ual.es\/proyecto_aecid_UAL-ENCA\/#\/schema\/logo\/image\/","url":"https:\/\/www2.ual.es\/proyecto_aecid_UAL-ENCA\/wp-content\/uploads\/2025\/04\/cropped-logoUniversidad.png","contentUrl":"https:\/\/www2.ual.es\/proyecto_aecid_UAL-ENCA\/wp-content\/uploads\/2025\/04\/cropped-logoUniversidad.png","width":512,"height":512,"caption":"Colaboraci\u00f3n UAL"},"image":{"@id":"https:\/\/www2.ual.es\/proyecto_aecid_UAL-ENCA\/#\/schema\/logo\/image\/"},"sameAs":["https:\/\/www.facebook.com\/colaboracion.UAL","https:\/\/www.instagram.com\/colaboracion.ual","https:\/\/www.tiktok.com\/@colaboracion.ual"]}]}},"_links":{"self":[{"href":"https:\/\/www2.ual.es\/proyecto_aecid_UAL-ENCA\/wp-json\/wp\/v2\/pages\/380","targetHints":{"allow":["GET"]}}],"collection":[{"href":"https:\/\/www2.ual.es\/proyecto_aecid_UAL-ENCA\/wp-json\/wp\/v2\/pages"}],"about":[{"href":"https:\/\/www2.ual.es\/proyecto_aecid_UAL-ENCA\/wp-json\/wp\/v2\/types\/page"}],"author":[{"embeddable":true,"href":"https:\/\/www2.ual.es\/proyecto_aecid_UAL-ENCA\/wp-json\/wp\/v2\/users\/1"}],"replies":[{"embeddable":true,"href":"https:\/\/www2.ual.es\/proyecto_aecid_UAL-ENCA\/wp-json\/wp\/v2\/comments?post=380"}],"version-history":[{"count":15,"href":"https:\/\/www2.ual.es\/proyecto_aecid_UAL-ENCA\/wp-json\/wp\/v2\/pages\/380\/revisions"}],"predecessor-version":[{"id":1760,"href":"https:\/\/www2.ual.es\/proyecto_aecid_UAL-ENCA\/wp-json\/wp\/v2\/pages\/380\/revisions\/1760"}],"wp:attachment":[{"href":"https:\/\/www2.ual.es\/proyecto_aecid_UAL-ENCA\/wp-json\/wp\/v2\/media?parent=380"}],"curies":[{"name":"wp","href":"https:\/\/api.w.org\/{rel}","templated":true}]}}